{"id":6779,"date":"2025-03-31T21:14:57","date_gmt":"2025-03-31T20:14:57","guid":{"rendered":"https:\/\/casanostra-biel.ch\/?page_id=6779"},"modified":"2026-05-01T18:05:37","modified_gmt":"2026-05-01T17:05:37","slug":"comite","status":"publish","type":"page","link":"https:\/\/casanostra-biel.ch\/fr\/vorstand\/","title":{"rendered":"Comit\u00e9"},"content":{"rendered":"<p>[et_pb_section fb_built=&#187;1&#8243; next_background_color=&#187;#FCE7C5&#8243; _builder_version=&#187;4.27.5&#8243; _module_preset=&#187;default&#187; background_color=&#187;#AB5B47&#8243; background_image=&#187;https:\/\/casanostra-biel.ch\/wp-content\/uploads\/2025\/11\/2T4A3959_WEB-e1763041945959.jpg&#187; width=&#187;100%&#187; width_tablet=&#187;111%&#187; width_phone=&#187;100%&#187; width_last_edited=&#187;on|phone&#187; max_width=&#187;100%&#187; max_width_tablet=&#187;100%&#187; max_width_phone=&#187;100%&#187; max_width_last_edited=&#187;on|phone&#187; module_alignment=&#187;center&#187; min_height=&#187;651.1px&#187; min_height_tablet=&#187;458.6px&#187; min_height_phone=&#187;&#187; min_height_last_edited=&#187;on|phone&#187; height=&#187;1000px&#187; height_tablet=&#187;374px&#187; height_phone=&#187;233px&#187; height_last_edited=&#187;on|phone&#187; max_height=&#187;505px&#187; custom_margin=&#187;||-1px|||&#187; custom_padding=&#187;271px||0px|||&#187; bottom_divider_style=&#187;curve&#187; bottom_divider_height=&#187;30px&#187; bottom_divider_height_tablet=&#187;20px&#187; bottom_divider_height_phone=&#187;7px&#187; bottom_divider_height_last_edited=&#187;on|desktop&#187; global_colors_info=&#187;{}&#187;][\/et_pb_section][et_pb_section fb_built=&#187;1&#8243; disabled_on=&#187;on|off|off&#187; _builder_version=&#187;4.27.4&#8243; _module_preset=&#187;default&#187; background_color=&#187;#FCE7C5&#8243; custom_margin=&#187;0px||0px||false|false&#187; custom_padding=&#187;0px||0px||false|false&#187; border_color_bottom=&#187;#9B140E&#187; global_colors_info=&#187;{}&#187;][et_pb_row _builder_version=&#187;4.27.3&#8243; _module_preset=&#187;default&#187; width=&#187;100%&#187; max_width=&#187;100%&#187; custom_margin=&#187;0px||0px||false|false&#187; custom_padding=&#187;10px||0px||false|false&#187; global_colors_info=&#187;{}&#187;][et_pb_column type=&#187;4_4&#8243; _builder_version=&#187;4.27.3&#8243; _module_preset=&#187;default&#187; global_colors_info=&#187;{}&#187;][dsm_breadcrumbs show_home_icon=&#187;off&#187; separator_icon=&#187;&#x35;||divi||400&#8243; items_bg_color=&#187;#C75C42&#8243; items_padding=&#187;0px|15px|0px|15px|true|true&#187; current_padding=&#187;0px|0px|0px|0px|false|false&#187; _builder_version=&#187;4.27.4&#8243; _module_preset=&#187;default&#187; items_text_color=&#187;#FFFFFF&#187; items_font_size=&#187;1rem&#187; separators_text_color=&#187;#AB5B47&#8243; current_font=&#187;Sytax LT Bold||||||||&#187; current_text_color=&#187;#3A2F2A&#187; current_font_size=&#187;1rem&#187; custom_margin=&#187;0px||0px|0px|false|false&#187; custom_padding=&#187;0px||0px|5%|false|false&#187; border_radii_items=&#187;on|200px|200px|200px|200px&#187; global_colors_info=&#187;{}&#187; items_text_color__hover_enabled=&#187;off|desktop&#187; current_bg_color__hover_enabled=&#187;on|hover&#187; items_bg_color__hover_enabled=&#187;off|hover&#187; current_bg_color__hover=&#187;RGBA(255,255,255,0)&#187;][\/dsm_breadcrumbs][\/et_pb_column][\/et_pb_row][\/et_pb_section][et_pb_section fb_built=&#187;1&#8243; _builder_version=&#187;4.27.4&#8243; _module_preset=&#187;default&#187; background_color=&#187;#fce7c5&#8243; custom_padding=&#187;||0px||false|false&#187; bottom_divider_color=&#187;#FDF4E4&#8243; bottom_divider_height=&#187;15px&#187; bottom_divider_height_tablet=&#187;15px&#187; bottom_divider_height_phone=&#187;5px&#187; bottom_divider_height_last_edited=&#187;on|phone&#187; border_color_bottom=&#187;#B5836D&#187; locked=&#187;off&#187; global_colors_info=&#187;{%22gcid-heading-color%22:%91%22next_background_color%22%93,%22gcid-secondary-color%22:%91%22background_color%22%93}&#187;][et_pb_row _builder_version=&#187;4.27.3&#8243; _module_preset=&#187;default&#187; global_colors_info=&#187;{}&#187;][et_pb_column type=&#187;4_4&#8243; _builder_version=&#187;4.27.3&#8243; _module_preset=&#187;default&#187; global_colors_info=&#187;{}&#187;][et_pb_heading title=&#187;Acht Pers\u00f6nlichkeiten engagieren sich f\u00fcr den Verein Casanostra&#187; _builder_version=&#187;4.27.4&#8243; _module_preset=&#187;default&#187; title_font=&#187;Sytax LT Bold|300|||||||&#187; title_text_color=&#187;#AB5B47&#8243; title_font_size=&#187;6rem&#187; title_font_size_tablet=&#187;4.5rem&#187; title_font_size_phone=&#187;2.8rem&#187; title_font_size_last_edited=&#187;on|phone&#187; locked=&#187;off&#187; global_colors_info=&#187;{}&#187;][\/et_pb_heading][\/et_pb_column][\/et_pb_row][\/et_pb_section][et_pb_section fb_built=&#187;1&#8243; _builder_version=&#187;4.27.4&#8243; _module_preset=&#187;default&#187; background_color=&#187;#FDF4E4&#8243; bottom_divider_style=&#187;curve&#187; bottom_divider_color=&#187;#AB5B47&#8243; bottom_divider_height=&#187;30px&#187; bottom_divider_height_tablet=&#187;30px&#187; bottom_divider_height_phone=&#187;7px&#187; bottom_divider_height_last_edited=&#187;on|phone&#187; global_colors_info=&#187;{}&#187;][et_pb_row column_structure=&#187;1_3,1_3,1_3&#8243; _builder_version=&#187;4.27.4&#8243; _module_preset=&#187;default&#187; global_colors_info=&#187;{}&#187;][et_pb_column type=&#187;1_3&#8243; _builder_version=&#187;4.27.4&#8243; _module_preset=&#187;default&#187; global_colors_info=&#187;{}&#187;][et_pb_team_member name=&#187;Fran\u00e7ois Contini | Pr\u00e4sident&#187; image_url=&#187;https:\/\/casanostra-biel.ch\/wp-content\/uploads\/2025\/11\/2T4A3905_WEB.jpg&#187; _builder_version=&#187;4.27.6&#8243; _module_preset=&#187;default&#187; header_level=&#187;h2&#8243; header_text_color=&#187;#000000&#8243; body_text_color=&#187;#000000&#8243; body_line_height=&#187;0.7em&#187; custom_padding=&#187;10px|10px|10px|10px|true|true&#187; hover_transition_duration=&#187;550ms&#187; hover_transition_delay=&#187;150ms&#187; link_option_url_new_window=&#187;on&#187; hover_enabled=&#187;0&#8243; border_color_all=&#187;RGBA(255,255,255,0)&#187; border_width_top=&#187;1px&#187; border_width_right=&#187;3px&#187; border_color_bottom=&#187;#AB5B47&#8243; border_width_left=&#187;3px&#187; border_radii_image=&#187;on|10px|10px|10px|10px&#187; border_color_all_image=&#187;RGBA(255,255,255,0)&#187; border_width_top_image=&#187;0px&#187; border_color_top_image=&#187;#AB5B47&#8243; border_color_right_image=&#187;#AB5B47&#8243; border_color_bottom_image=&#187;#AB5B47&#8243; border_color_left_image=&#187;#AB5B47&#8243; global_colors_info=&#187;{}&#187; transform_styles__hover_enabled=&#187;on|hover&#187; transform_scale__hover_enabled=&#187;on|hover&#187; transform_translate__hover_enabled=&#187;on|hover&#187; transform_rotate__hover_enabled=&#187;on|hover&#187; transform_skew__hover_enabled=&#187;on|desktop&#187; transform_origin__hover_enabled=&#187;on|hover&#187; border_color_all_image__hover_enabled=&#187;off|hover&#187; border_color_all_image__hover=&#187;#AB5B47&#8243; border_width_all_image__hover_enabled=&#187;on|hover&#187; border_width_all_image__hover=&#187;0px&#187; border_width_all__hover_enabled=&#187;on|desktop&#187; sticky_enabled=&#187;0&#8243; admin_label=&#187;Fran\u00e7ois Contini&#187;]<\/p>\n<div class=\" trustee-bio lightbox-trigger-1\"><span style=\"text-decoration: underline;\">Mehr erfahren<\/span><\/div>\n<p>[\/et_pb_team_member][et_pb_text module_class=&#187;lightbox-content-1&#8243; _builder_version=&#187;4.27.6&#8243; _module_preset=&#187;default&#187; background_color=&#187;#FCE7C5&#8243; width=&#187;75%&#187; module_alignment=&#187;center&#187; custom_padding=&#187;5%|5%|5%|5%|true|true&#187; hover_enabled=&#187;0&#8243; border_radii=&#187;on|10px|10px|10px|10px&#187; global_colors_info=&#187;{}&#187; sticky_enabled=&#187;0&#8243;]<\/p>\n<blockquote>\n<p><strong>Ich unterst\u00fctze Casanostra, damit die soziale Ausgrenzung nicht dazu f\u00fchrt, dass Menschen kein Dach \u00fcber dem Kopf haben.<\/strong><\/p>\n<\/blockquote>\n<p><strong>Fran\u00e7ois Contini, Pr\u00e4sident<\/strong><br \/>Rechtsanwalt<\/p>\n<p>[\/et_pb_text][\/et_pb_column][et_pb_column type=&#187;1_3&#8243; _builder_version=&#187;4.27.4&#8243; _module_preset=&#187;default&#187; global_colors_info=&#187;{}&#187;][et_pb_team_member name=&#187;Joseline Stolz Marti | Ressort Personal&#187; image_url=&#187;https:\/\/casanostra-biel.ch\/wp-content\/uploads\/2025\/11\/2T4A3876_WEB.jpg&#187; _builder_version=&#187;4.27.6&#8243; _module_preset=&#187;default&#187; header_level=&#187;h2&#8243; header_text_color=&#187;#000000&#8243; body_text_color=&#187;#000000&#8243; body_line_height=&#187;0.7em&#187; custom_padding=&#187;10px|10px|10px|10px|true|true&#187; hover_transition_duration=&#187;550ms&#187; hover_transition_delay=&#187;150ms&#187; link_option_url_new_window=&#187;on&#187; hover_enabled=&#187;0&#8243; border_color_all=&#187;RGBA(255,255,255,0)&#187; border_width_top=&#187;1px&#187; border_width_right=&#187;3px&#187; border_color_bottom=&#187;#AB5B47&#8243; border_width_left=&#187;3px&#187; border_radii_image=&#187;on|10px|10px|10px|10px&#187; border_color_all_image=&#187;RGBA(255,255,255,0)&#187; border_width_top_image=&#187;0px&#187; border_color_top_image=&#187;#AB5B47&#8243; border_color_right_image=&#187;#AB5B47&#8243; border_color_bottom_image=&#187;#AB5B47&#8243; border_color_left_image=&#187;#AB5B47&#8243; global_colors_info=&#187;{}&#187; transform_styles__hover_enabled=&#187;on|hover&#187; border_color_all_image__hover_enabled=&#187;off|hover&#187; border_color_all_image__hover=&#187;#AB5B47&#8243; border_width_all_image__hover_enabled=&#187;on|hover&#187; border_width_all_image__hover=&#187;0px&#187; border_width_all__hover_enabled=&#187;on|desktop&#187; transform_scale__hover_enabled=&#187;on|hover&#187; transform_translate__hover_enabled=&#187;on|hover&#187; transform_rotate__hover_enabled=&#187;on|hover&#187; transform_skew__hover_enabled=&#187;on|desktop&#187; transform_origin__hover_enabled=&#187;on|hover&#187; admin_label=&#187;Joseline Stolz Marti&#187; sticky_enabled=&#187;0&#8243;]<\/p>\n<div class=\" trustee-bio lightbox-trigger-joselinestolzmarti\"><span style=\"text-decoration: underline;\">Mehr erfahren<\/span><\/div>\n<p>[\/et_pb_team_member][et_pb_text module_class=&#187;lightbox-content-joselinestolzmarti&#187; _builder_version=&#187;4.27.6&#8243; _module_preset=&#187;default&#187; background_color=&#187;#FCE7C5&#8243; width=&#187;75%&#187; module_alignment=&#187;center&#187; custom_padding=&#187;5%|5%|5%|5%|true|true&#187; hover_enabled=&#187;0&#8243; border_radii=&#187;on|10px|10px|10px|10px&#187; global_colors_info=&#187;{}&#187; sticky_enabled=&#187;0&#8243;]<\/p>\n<blockquote>\n<p><strong>Je m&#8217;engage dans le comit\u00e9 de Casanostra\u00a0parce que chaque \u00eatre humain qui rencontre une phase difficile a droit \u00e0 un lieu o\u00f9 se loger, ainsi qu\u2019\u00e0 l&#8217;accompagnement professionnel et humain du personnel sp\u00e9cialis\u00e9 de Casanostra\u00a0pour vivre dans la dignit\u00e9.<\/strong><\/p>\n<\/blockquote>\n<p><strong>Joseline Stolz Marti, Ressort Personal<\/strong><\/p>\n<p>[\/et_pb_text][\/et_pb_column][et_pb_column type=&#187;1_3&#8243; _builder_version=&#187;4.27.4&#8243; _module_preset=&#187;default&#187; global_colors_info=&#187;{}&#187;][et_pb_team_member name=&#187;Beatrice Reusser | Ressort Sozialarbeit&#187; image_url=&#187;https:\/\/casanostra-biel.ch\/wp-content\/uploads\/2025\/11\/2T4A3849_WEB.jpg&#187; _builder_version=&#187;4.27.4&#8243; _module_preset=&#187;default&#187; header_level=&#187;h2&#8243; header_text_color=&#187;#000000&#8243; body_text_color=&#187;#000000&#8243; body_line_height=&#187;0.7em&#187; custom_padding=&#187;10px|10px|10px|10px|true|true&#187; hover_transition_duration=&#187;550ms&#187; hover_transition_delay=&#187;150ms&#187; link_option_url_new_window=&#187;on&#187; border_color_all=&#187;RGBA(255,255,255,0)&#187; border_width_top=&#187;1px&#187; border_width_right=&#187;3px&#187; border_color_bottom=&#187;#AB5B47&#8243; border_width_left=&#187;3px&#187; border_radii_image=&#187;on|10px|10px|10px|10px&#187; border_color_all_image=&#187;RGBA(255,255,255,0)&#187; border_width_top_image=&#187;0px&#187; border_color_top_image=&#187;#AB5B47&#8243; border_color_right_image=&#187;#AB5B47&#8243; border_color_bottom_image=&#187;#AB5B47&#8243; border_color_left_image=&#187;#AB5B47&#8243; global_colors_info=&#187;{}&#187; transform_styles__hover_enabled=&#187;on|hover&#187; border_color_all_image__hover_enabled=&#187;off|hover&#187; border_color_all_image__hover=&#187;#AB5B47&#8243; border_width_all_image__hover_enabled=&#187;on|hover&#187; border_width_all_image__hover=&#187;0px&#187; border_width_all__hover_enabled=&#187;on|desktop&#187; transform_scale__hover_enabled=&#187;on|hover&#187; transform_translate__hover_enabled=&#187;on|hover&#187; transform_rotate__hover_enabled=&#187;on|hover&#187; transform_skew__hover_enabled=&#187;on|desktop&#187; transform_origin__hover_enabled=&#187;on|hover&#187;]<\/p>\n<div class=\" trustee-bio lightbox-trigger-3\"><span style=\"text-decoration: underline;\">Mehr erfahren<\/span><\/div>\n<p>[\/et_pb_team_member][et_pb_text module_class=&#187;lightbox-content-3&#8243; _builder_version=&#187;4.27.4&#8243; _module_preset=&#187;default&#187; background_color=&#187;#FCE7C5&#8243; width=&#187;75%&#187; module_alignment=&#187;center&#187; custom_padding=&#187;5%|5%|5%|5%|true|true&#187; border_radii=&#187;on|10px|10px|10px|10px&#187; global_colors_info=&#187;{}&#187;]<\/p>\n<blockquote>\n<p><strong>Ich bin im Vorstand von Casanostra, weil Wohnen ein wesentlicher Teil der sozialen Integration ist und der Verein Menschen am Rand der Gesellschaft gezielt und professionell dabei unterst\u00fctzt.<\/strong><\/p>\n<\/blockquote>\n<p><strong>Beatrice Reusser, Ressort Sozialarbeit<\/strong><br \/><span>Ehemalige Leiterin Abteilung Soziales Stadt Biel.<\/span><\/p>\n<p>[\/et_pb_text][\/et_pb_column][\/et_pb_row][et_pb_row column_structure=&#187;1_3,1_3,1_3&#8243; _builder_version=&#187;4.27.4&#8243; _module_preset=&#187;default&#187; custom_padding=&#187;3px|||||&#187; global_colors_info=&#187;{}&#187;][et_pb_column type=&#187;1_3&#8243; _builder_version=&#187;4.27.4&#8243; _module_preset=&#187;default&#187; global_colors_info=&#187;{}&#187;][et_pb_team_member name=&#187;C\u00e9dric Kamber | Ressort Finanzen\/Immobilien&#187; image_url=&#187;https:\/\/casanostra-biel.ch\/wp-content\/uploads\/2025\/11\/2T4A3881_WEB.jpg&#187; _builder_version=&#187;4.27.6&#8243; _module_preset=&#187;default&#187; header_level=&#187;h2&#8243; header_text_color=&#187;#000000&#8243; body_text_color=&#187;#000000&#8243; body_line_height=&#187;0.7em&#187; custom_padding=&#187;10px|10px|10px|10px|true|true&#187; hover_transition_duration=&#187;550ms&#187; hover_transition_delay=&#187;150ms&#187; link_option_url_new_window=&#187;on&#187; hover_enabled=&#187;0&#8243; border_color_all=&#187;RGBA(255,255,255,0)&#187; border_width_top=&#187;1px&#187; border_width_right=&#187;3px&#187; border_color_bottom=&#187;#AB5B47&#8243; border_width_left=&#187;3px&#187; border_radii_image=&#187;on|10px|10px|10px|10px&#187; border_color_all_image=&#187;RGBA(255,255,255,0)&#187; border_width_top_image=&#187;0px&#187; border_color_top_image=&#187;#AB5B47&#8243; border_color_right_image=&#187;#AB5B47&#8243; border_color_bottom_image=&#187;#AB5B47&#8243; border_color_left_image=&#187;#AB5B47&#8243; global_colors_info=&#187;{}&#187; transform_styles__hover_enabled=&#187;on|hover&#187; transform_scale__hover_enabled=&#187;on|hover&#187; transform_translate__hover_enabled=&#187;on|hover&#187; transform_rotate__hover_enabled=&#187;on|hover&#187; transform_skew__hover_enabled=&#187;on|desktop&#187; transform_origin__hover_enabled=&#187;on|hover&#187; border_color_all_image__hover_enabled=&#187;off|hover&#187; border_color_all_image__hover=&#187;#AB5B47&#8243; border_width_all_image__hover_enabled=&#187;on|hover&#187; border_width_all_image__hover=&#187;0px&#187; border_width_all__hover_enabled=&#187;on|desktop&#187; sticky_enabled=&#187;0&#8243; admin_label=&#187;C\u00e9dric Kamber&#187;]<\/p>\n<div class=\" trustee-bio lightbox-trigger-cedrickamber\"><span style=\"text-decoration: underline;\">Mehr erfahren<\/span><\/div>\n<p>[\/et_pb_team_member][et_pb_text module_class=&#187;lightbox-content-cedrickamber&#187; _builder_version=&#187;4.27.6&#8243; _module_preset=&#187;default&#187; background_color=&#187;#FCE7C5&#8243; width=&#187;75%&#187; module_alignment=&#187;center&#187; custom_padding=&#187;5%|5%|5%|5%|true|true&#187; hover_enabled=&#187;0&#8243; border_radii=&#187;on|10px|10px|10px|10px&#187; global_colors_info=&#187;{}&#187; sticky_enabled=&#187;0&#8243;]<\/p>\n<blockquote>\n<p><strong>Je fais partie du comit\u00e9 Directeur de Casanostra pour mettre mes comp\u00e9tences financi\u00e8res et immobili\u00e8res au service d\u2019une mission essentielle : offrir un logement digne aux personnes qui n\u2019ont pas leur place sur le march\u00e9 immobilier traditionnel.<\/strong><\/p>\n<\/blockquote>\n<p><strong>C\u00e9dric Kamber, Ressort Finanzen\/Immobilien<\/strong><\/p>\n<p>[\/et_pb_text][\/et_pb_column][et_pb_column type=&#187;1_3&#8243; _builder_version=&#187;4.27.4&#8243; _module_preset=&#187;default&#187; global_colors_info=&#187;{}&#187;][et_pb_team_member name=&#187;Marie Ana\u00efse Moeschler I Ressort Politik&#187; image_url=&#187;https:\/\/casanostra-biel.ch\/wp-content\/uploads\/2025\/11\/2T4A3871_WEB.jpg&#187; _builder_version=&#187;4.27.6&#8243; _module_preset=&#187;default&#187; header_level=&#187;h2&#8243; header_text_color=&#187;#000000&#8243; body_text_color=&#187;#000000&#8243; body_line_height=&#187;0.7em&#187; custom_padding=&#187;10px|10px|10px|10px|true|true&#187; hover_transition_duration=&#187;550ms&#187; hover_transition_delay=&#187;150ms&#187; link_option_url_new_window=&#187;on&#187; hover_enabled=&#187;0&#8243; border_color_all=&#187;RGBA(255,255,255,0)&#187; border_width_top=&#187;1px&#187; border_width_right=&#187;3px&#187; border_color_bottom=&#187;#AB5B47&#8243; border_width_left=&#187;3px&#187; border_radii_image=&#187;on|10px|10px|10px|10px&#187; border_color_all_image=&#187;RGBA(255,255,255,0)&#187; border_width_top_image=&#187;0px&#187; border_color_top_image=&#187;#AB5B47&#8243; border_color_right_image=&#187;#AB5B47&#8243; border_color_bottom_image=&#187;#AB5B47&#8243; border_color_left_image=&#187;#AB5B47&#8243; global_colors_info=&#187;{}&#187; transform_styles__hover_enabled=&#187;on|hover&#187; transform_scale__hover_enabled=&#187;on|hover&#187; transform_translate__hover_enabled=&#187;on|hover&#187; transform_rotate__hover_enabled=&#187;on|hover&#187; transform_skew__hover_enabled=&#187;on|desktop&#187; transform_origin__hover_enabled=&#187;on|hover&#187; border_color_all_image__hover_enabled=&#187;off|hover&#187; border_color_all_image__hover=&#187;#AB5B47&#8243; border_width_all_image__hover_enabled=&#187;on|hover&#187; border_width_all_image__hover=&#187;0px&#187; border_width_all__hover_enabled=&#187;on|desktop&#187; admin_label=&#187;Marie Ana\u00efse Moeschler&#187; sticky_enabled=&#187;0&#8243;]<\/p>\n<div class=\" trustee-bio lightbox-trigger-marieanaisemoeschler\"><span style=\"text-decoration: underline;\">Mehr erfahren<\/span><\/div>\n<p>[\/et_pb_team_member][et_pb_text module_class=&#187;lightbox-content-marieanaisemoeschler&#187; _builder_version=&#187;4.27.6&#8243; _module_preset=&#187;default&#187; background_color=&#187;#FCE7C5&#8243; width=&#187;75%&#187; module_alignment=&#187;center&#187; custom_padding=&#187;5%|5%|5%|5%|true|true&#187; hover_enabled=&#187;0&#8243; border_radii=&#187;on|10px|10px|10px|10px&#187; global_colors_info=&#187;{}&#187; sticky_enabled=&#187;0&#8243;]<\/p>\n<blockquote>\n<p><strong>Avoir un toit au\u2011dessus de la t\u00eate est un besoin fondamental pour chaque \u00eatre humain. Casanostra s\u2019engage \u00e0 offrir un logement aux personnes dont le parcours de vie est difficile. C\u2019est pourquoi je soutiens pleinement l\u2019existence et le travail de l\u2019association Casanostra.<\/strong><\/p>\n<\/blockquote>\n<p><strong>Marie Ana\u00efse Moeschler, Ressort Politik<\/strong><\/p>\n<p>[\/et_pb_text][\/et_pb_column][et_pb_column type=&#187;1_3&#8243; _builder_version=&#187;4.27.4&#8243; _module_preset=&#187;default&#187; global_colors_info=&#187;{}&#187;][et_pb_team_member name=&#187;Marie-Theres Wellinger | Ressort Medizin&#187; image_url=&#187;https:\/\/casanostra-biel.ch\/wp-content\/uploads\/2025\/11\/2T4A3899_WEB.jpg&#187; _builder_version=&#187;4.27.4&#8243; _module_preset=&#187;default&#187; header_level=&#187;h2&#8243; header_text_color=&#187;#000000&#8243; body_text_color=&#187;#000000&#8243; body_line_height=&#187;0.7em&#187; custom_padding=&#187;10px|10px|10px|10px|true|true&#187; hover_transition_duration=&#187;550ms&#187; hover_transition_delay=&#187;150ms&#187; link_option_url_new_window=&#187;on&#187; border_color_all=&#187;RGBA(255,255,255,0)&#187; border_width_top=&#187;1px&#187; border_width_right=&#187;3px&#187; border_color_bottom=&#187;#AB5B47&#8243; border_width_left=&#187;3px&#187; border_radii_image=&#187;on|10px|10px|10px|10px&#187; border_color_all_image=&#187;RGBA(255,255,255,0)&#187; border_width_top_image=&#187;0px&#187; border_color_top_image=&#187;#AB5B47&#8243; border_color_right_image=&#187;#AB5B47&#8243; border_color_bottom_image=&#187;#AB5B47&#8243; border_color_left_image=&#187;#AB5B47&#8243; global_colors_info=&#187;{}&#187; transform_styles__hover_enabled=&#187;on|hover&#187; border_color_all_image__hover_enabled=&#187;off|hover&#187; border_color_all_image__hover=&#187;#AB5B47&#8243; border_width_all_image__hover_enabled=&#187;on|hover&#187; border_width_all_image__hover=&#187;0px&#187; border_width_all__hover_enabled=&#187;on|desktop&#187; transform_scale__hover_enabled=&#187;on|hover&#187; transform_translate__hover_enabled=&#187;on|hover&#187; transform_rotate__hover_enabled=&#187;on|hover&#187; transform_skew__hover_enabled=&#187;on|desktop&#187; transform_origin__hover_enabled=&#187;on|hover&#187;]<\/p>\n<div class=\" trustee-bio lightbox-trigger-6\"><span style=\"text-decoration: underline;\">Mehr erfahren<\/span><\/div>\n<p>[\/et_pb_team_member][et_pb_text module_class=&#187;lightbox-content-6&#8243; _builder_version=&#187;4.27.4&#8243; _module_preset=&#187;default&#187; background_color=&#187;#FCE7C5&#8243; width=&#187;75%&#187; module_alignment=&#187;center&#187; custom_padding=&#187;5%|5%|5%|5%|true|true&#187; hover_enabled=&#187;0&#8243; border_radii=&#187;on|10px|10px|10px|10px&#187; global_colors_info=&#187;{}&#187; sticky_enabled=&#187;0&#8243;]<\/p>\n<blockquote>\n<p><strong>Ich unterst\u00fctze Casanostra, weil bei psychisch kranken oder belasteten Menschen die beste psychiatrische Behandlung nichts ausrichten kann, wenn sie auf der Strasse oder in verlotterten Wohnungen leben. Casanostra tr\u00e4gt in kompetenter Weise zur Stabilit\u00e4t und Integration dieser Menschen bei.<\/strong><\/p>\n<\/blockquote>\n<p><strong>Marie-Theres Wellinger, Ressort Medizin<\/strong><br \/><span>Ober\u00e4rztin, Netzwerk psychische Gesundheit AG, niedergelassene Psychiaterin.<\/span><\/p>\n<p>[\/et_pb_text][\/et_pb_column][\/et_pb_row][et_pb_row column_structure=&#187;1_3,1_3,1_3&#8243; _builder_version=&#187;4.27.4&#8243; _module_preset=&#187;default&#187; custom_padding=&#187;0px|||||&#187; global_colors_info=&#187;{}&#187;][et_pb_column type=&#187;1_3&#8243; _builder_version=&#187;4.27.4&#8243; _module_preset=&#187;default&#187; global_colors_info=&#187;{}&#187;][et_pb_team_member name=&#187;Bernard Wick | Ressort Architektur\/Immobilien&#187; image_url=&#187;https:\/\/casanostra-biel.ch\/wp-content\/uploads\/2025\/11\/2T4A3888_WEB.jpg&#187; _builder_version=&#187;4.27.4&#8243; _module_preset=&#187;default&#187; header_level=&#187;h2&#8243; header_text_color=&#187;#000000&#8243; body_text_color=&#187;#000000&#8243; body_line_height=&#187;0.7em&#187; custom_padding=&#187;10px|10px|10px|10px|true|true&#187; hover_transition_duration=&#187;550ms&#187; hover_transition_delay=&#187;150ms&#187; link_option_url_new_window=&#187;on&#187; border_color_all=&#187;RGBA(255,255,255,0)&#187; border_width_top=&#187;1px&#187; border_width_right=&#187;3px&#187; border_color_bottom=&#187;#AB5B47&#8243; border_width_left=&#187;3px&#187; border_radii_image=&#187;on|10px|10px|10px|10px&#187; border_color_all_image=&#187;RGBA(255,255,255,0)&#187; border_width_top_image=&#187;0px&#187; border_color_top_image=&#187;#AB5B47&#8243; border_color_right_image=&#187;#AB5B47&#8243; border_color_bottom_image=&#187;#AB5B47&#8243; border_color_left_image=&#187;#AB5B47&#8243; global_colors_info=&#187;{}&#187; transform_styles__hover_enabled=&#187;on|hover&#187; border_color_all_image__hover_enabled=&#187;off|hover&#187; border_color_all_image__hover=&#187;#AB5B47&#8243; border_width_all_image__hover_enabled=&#187;on|hover&#187; border_width_all_image__hover=&#187;0px&#187; border_width_all__hover_enabled=&#187;on|desktop&#187; transform_scale__hover_enabled=&#187;on|hover&#187; transform_translate__hover_enabled=&#187;on|hover&#187; transform_rotate__hover_enabled=&#187;on|hover&#187; transform_skew__hover_enabled=&#187;on|desktop&#187; transform_origin__hover_enabled=&#187;on|hover&#187;]<\/p>\n<div class=\" trustee-bio lightbox-trigger-7\"><span style=\"text-decoration: underline;\">Mehr erfahren<\/span><\/div>\n<p>[\/et_pb_team_member][et_pb_text module_class=&#187;lightbox-content-7&#8243; _builder_version=&#187;4.27.4&#8243; _module_preset=&#187;default&#187; background_color=&#187;#FCE7C5&#8243; width=&#187;75%&#187; module_alignment=&#187;center&#187; custom_padding=&#187;5%|5%|5%|5%|true|true&#187; border_radii=&#187;on|10px|10px|10px|10px&#187; global_colors_info=&#187;{}&#187;]<\/p>\n<blockquote>\n<p><strong><span>Casanostra Hilft Menschen auf dem schwierigen Wohnungsmarkt eine w\u00fcrdige Wohnung zu finden und begleitet sie menschlich und professionell. Da m\u00f6chte ich den Vorstand unterst\u00fctzen.<\/span><\/strong><\/p>\n<\/blockquote>\n<p><strong>Bernard Wick, <span>Ressort Architektur\/Immobilien<\/span><\/strong><\/p>\n<p>[\/et_pb_text][\/et_pb_column][et_pb_column type=&#187;1_3&#8243; _builder_version=&#187;4.27.4&#8243; _module_preset=&#187;default&#187; global_colors_info=&#187;{}&#187;][et_pb_team_member name=&#187;Lucas Dubuis | Ressort \u00d6ffentlichkeitsarbeit&#187; image_url=&#187;https:\/\/casanostra-biel.ch\/wp-content\/uploads\/2026\/01\/Luca.jpg&#187; _builder_version=&#187;4.27.5&#8243; _module_preset=&#187;default&#187; header_level=&#187;h2&#8243; header_text_color=&#187;#000000&#8243; body_text_color=&#187;#000000&#8243; body_line_height=&#187;0.7em&#187; custom_padding=&#187;10px|10px|10px|10px|true|true&#187; hover_transition_duration=&#187;550ms&#187; hover_transition_delay=&#187;150ms&#187; link_option_url_new_window=&#187;on&#187; border_color_all=&#187;RGBA(255,255,255,0)&#187; border_width_top=&#187;1px&#187; border_width_right=&#187;3px&#187; border_color_bottom=&#187;#AB5B47&#8243; border_width_left=&#187;3px&#187; border_radii_image=&#187;on|10px|10px|10px|10px&#187; border_color_all_image=&#187;RGBA(255,255,255,0)&#187; border_width_top_image=&#187;0px&#187; border_color_top_image=&#187;#AB5B47&#8243; border_color_right_image=&#187;#AB5B47&#8243; border_color_bottom_image=&#187;#AB5B47&#8243; border_color_left_image=&#187;#AB5B47&#8243; global_colors_info=&#187;{}&#187; transform_styles__hover_enabled=&#187;on|hover&#187; border_color_all_image__hover_enabled=&#187;off|hover&#187; border_color_all_image__hover=&#187;#AB5B47&#8243; border_width_all_image__hover_enabled=&#187;on|hover&#187; border_width_all_image__hover=&#187;0px&#187; border_width_all__hover_enabled=&#187;on|desktop&#187; transform_scale__hover_enabled=&#187;on|hover&#187; transform_translate__hover_enabled=&#187;on|hover&#187; transform_rotate__hover_enabled=&#187;on|hover&#187; transform_skew__hover_enabled=&#187;on|desktop&#187; transform_origin__hover_enabled=&#187;on|hover&#187;]<\/p>\n<div class=\" trustee-bio lightbox-trigger-5\"><span style=\"text-decoration: underline;\">Mehr erfahren<\/span><\/div>\n<p>[\/et_pb_team_member][et_pb_text module_class=&#187;lightbox-content-5&#8243; _builder_version=&#187;4.27.4&#8243; _module_preset=&#187;default&#187; background_color=&#187;#FCE7C5&#8243; width=&#187;75%&#187; module_alignment=&#187;center&#187; custom_padding=&#187;5%|5%|5%|5%|true|true&#187; border_radii=&#187;on|10px|10px|10px|10px&#187; global_colors_info=&#187;{}&#187;]<\/p>\n<blockquote>\n<p><strong>Ich bin im Vorstand von Casanostra dabei, weil alle Menschen ein Anrecht auf w\u00fcrdige Lebensbedingungen und ein Dach \u00fcber dem Kopf haben. Auch in Biel.<\/strong><\/p>\n<\/blockquote>\n<p><strong>Luca Dubuis, Ressort \u00d6ffentlichkeitsarbeit<\/strong><br \/><span>Kommunikations- und PR-Spezialist, Mediensprecher Unia<\/span><\/p>\n<p>[\/et_pb_text][\/et_pb_column][et_pb_column type=&#187;1_3&#8243; _builder_version=&#187;4.27.4&#8243; _module_preset=&#187;default&#187; global_colors_info=&#187;{}&#187;][\/et_pb_column][\/et_pb_row][\/et_pb_section]<\/p>\n","protected":false},"excerpt":{"rendered":"<p><div class=\"et_pb_module dsm_breadcrumbs dsm_breadcrumbs_0\">\n\t\t\t\t\n\t\t\t\t\n\t\t\t\t\n\t\t\t\t\n\t\t\t\t\n\t\t\t\t\n\t\t\t\t<div class=\"et_pb_module_inner\">\n\t\t\t\t\t<nav class=\"dsm_breadcrumbs_wrap\">\n\t\t\t\t<ul class=\"dsm_breadcrumbs\" itemscope itemtype=\"https:\/\/schema.org\/BreadcrumbList\">\t\t\t<li class=\"dsm_breadcrumbs_item dsm_home_item dsm_home_item_custom\" itemprop=\"itemListElement\" itemscope\n\t\t\titemtype=\"https:\/\/schema.org\/ListItem\">\n\t\t\t\t<a href=\"https:\/\/casanostra-biel.ch\/fr\" itemprop=\"item\" target=\"\">\n\t\t\t\t\t<span class='dsm_home_text_wrapper'>\n\t\t\t\t\t\t\t\t\t\t\t\t\t<span class=\"dsm_home_text\" itemprop=\"name\">\n\t\t\t\t\t\t\t\tHome\t\t\t\t\t\t\t<\/span>\n\t\t\t\t\t<\/span>\n\t\t\t\t<\/a>\n\t\t\t\t<meta itemprop=\"position\" content=\"1\" \/>\n\t\t\t<\/li>\n\n\t\t<li class=\"dsm_breadcrumbs_separator\"> <span class=\"et-pb-icon dsm_separator_icon\">&#x35;<\/span><\/li><\/ul>\n\t\t\t<\/nav>\n\t\t\t\t<\/div>\n\t\t\t<\/div>Mehr erfahren Ich unterst\u00fctze Casanostra, damit die soziale Ausgrenzung nicht dazu f\u00fchrt, dass Menschen kein Dach \u00fcber dem Kopf haben. Fran\u00e7ois Contini, Pr\u00e4sidentRechtsanwaltMehr erfahren Je m&#8217;engage dans le comit\u00e9 de Casanostra\u00a0parce que chaque \u00eatre humain qui rencontre une phase difficile a droit \u00e0 un lieu o\u00f9 se loger, ainsi qu\u2019\u00e0 l&#8217;accompagnement professionnel et humain du personnel sp\u00e9cialis\u00e9 de Casanostra\u00a0pour vivre dans la dignit\u00e9. Joseline Stolz Marti, Ressort PersonalMehr erfahren Ich bin im Vorstand von Casanostra, weil Wohnen ein wesentlicher Teil der sozialen Integration ist und der Verein Menschen am Rand der Gesellschaft gezielt und professionell dabei unterst\u00fctzt. Beatrice Reusser, Ressort SozialarbeitEhemalige Leiterin Abteilung Soziales Stadt Biel.Mehr erfahren Je fais partie du comit\u00e9 Directeur de Casanostra pour mettre mes comp\u00e9tences financi\u00e8res et immobili\u00e8res au service d\u2019une mission essentielle : offrir un logement digne aux personnes qui n\u2019ont pas leur place sur le march\u00e9 immobilier traditionnel. C\u00e9dric Kamber, Ressort Finanzen\/ImmobilienMehr erfahren Avoir un toit au\u2011dessus de la t\u00eate est un besoin fondamental pour chaque \u00eatre humain. Casanostra s\u2019engage \u00e0 offrir un logement aux personnes dont le parcours de vie [&hellip;]<\/p>\n","protected":false},"author":12,"featured_media":0,"parent":0,"menu_order":0,"comment_status":"closed","ping_status":"closed","template":"","meta":{"_et_pb_use_builder":"on","_et_pb_old_content":"","_et_gb_content_width":"","footnotes":""},"class_list":["post-6779","page","type-page","status-publish","hentry"],"_links":{"self":[{"href":"https:\/\/casanostra-biel.ch\/fr\/wp-json\/wp\/v2\/pages\/6779","targetHints":{"allow":["GET"]}}],"collection":[{"href":"https:\/\/casanostra-biel.ch\/fr\/wp-json\/wp\/v2\/pages"}],"about":[{"href":"https:\/\/casanostra-biel.ch\/fr\/wp-json\/wp\/v2\/types\/page"}],"author":[{"embeddable":true,"href":"https:\/\/casanostra-biel.ch\/fr\/wp-json\/wp\/v2\/users\/12"}],"replies":[{"embeddable":true,"href":"https:\/\/casanostra-biel.ch\/fr\/wp-json\/wp\/v2\/comments?post=6779"}],"version-history":[{"count":0,"href":"https:\/\/casanostra-biel.ch\/fr\/wp-json\/wp\/v2\/pages\/6779\/revisions"}],"wp:attachment":[{"href":"https:\/\/casanostra-biel.ch\/fr\/wp-json\/wp\/v2\/media?parent=6779"}],"curies":[{"name":"wp","href":"https:\/\/api.w.org\/{rel}","templated":true}]}}