{"id":200,"date":"2017-02-26T16:06:54","date_gmt":"2017-02-26T16:06:54","guid":{"rendered":"https:\/\/casanostra-biel.ch\/?page_id=200"},"modified":"2025-12-04T12:42:50","modified_gmt":"2025-12-04T12:42:50","slug":"appeciations","status":"publish","type":"page","link":"https:\/\/casanostra-biel.ch\/fr\/ueber-uns\/wurdigungen\/","title":{"rendered":"App\u00e9ciations"},"content":{"rendered":"<p>[et_pb_section fb_built=&#187;1&#8243; next_background_color=&#187;gcid-secondary-color&#187; _builder_version=&#187;4.27.4&#8243; _module_preset=&#187;default&#187; background_color=&#187;#AB5B47&#8243; bottom_divider_style=&#187;curve&#187; bottom_divider_height=&#187;30px&#187; bottom_divider_height_tablet=&#187;20px&#187; bottom_divider_height_phone=&#187;7px&#187; bottom_divider_height_last_edited=&#187;on|phone&#187; global_colors_info=&#187;{}&#187;][et_pb_row _builder_version=&#187;4.27.4&#8243; _module_preset=&#187;default&#187; global_colors_info=&#187;{}&#187;][et_pb_column type=&#187;4_4&#8243; _builder_version=&#187;4.27.4&#8243; _module_preset=&#187;default&#187; global_colors_info=&#187;{}&#187;][et_pb_heading title=&#187;Prominente Personen \u00e4ussern sich zum Verein Casanostra&#187; _builder_version=&#187;4.27.4&#8243; _module_preset=&#187;default&#187; title_text_color=&#187;#FFFFFF&#187; title_font_size=&#187;6rem&#187; title_font_size_tablet=&#187;4.5rem&#187; title_font_size_phone=&#187;3rem&#187; title_font_size_last_edited=&#187;on|phone&#187; global_colors_info=&#187;{}&#187;][\/et_pb_heading][\/et_pb_column][\/et_pb_row][\/et_pb_section][et_pb_section fb_built=&#187;1&#8243; disabled_on=&#187;on|off|off&#187; _builder_version=&#187;4.27.4&#8243; _module_preset=&#187;default&#187; background_color=&#187;gcid-secondary-color&#187; custom_margin=&#187;0px||0px||false|false&#187; custom_padding=&#187;0px||0px||false|false&#187; border_color_bottom=&#187;#9B140E&#187; global_colors_info=&#187;{%22gcid-secondary-color%22:%91%22background_color%22%93}&#187;][et_pb_row _builder_version=&#187;4.27.3&#8243; _module_preset=&#187;default&#187; width=&#187;100%&#187; max_width=&#187;100%&#187; custom_margin=&#187;0px||0px||false|false&#187; custom_padding=&#187;10px||0px||false|false&#187; global_colors_info=&#187;{}&#187;][et_pb_column type=&#187;4_4&#8243; _builder_version=&#187;4.27.3&#8243; _module_preset=&#187;default&#187; global_colors_info=&#187;{}&#187;][dsm_breadcrumbs show_home_icon=&#187;off&#187; separator_icon=&#187;&#x35;||divi||400&#8243; items_bg_color=&#187;#C75C42&#8243; items_padding=&#187;0px|15px|0px|15px|true|true&#187; current_padding=&#187;0px|0px|0px|0px|false|false&#187; _builder_version=&#187;4.27.4&#8243; _module_preset=&#187;default&#187; items_text_color=&#187;#FFFFFF&#187; items_font_size=&#187;1rem&#187; separators_text_color=&#187;#AB5B47&#8243; current_font=&#187;Sytax LT Bold||||||||&#187; current_text_color=&#187;#3A2F2A&#187; current_font_size=&#187;1rem&#187; custom_margin=&#187;0px||0px|0px|false|false&#187; custom_padding=&#187;0px||0px|5%|false|false&#187; border_radii_items=&#187;on|200px|200px|200px|200px&#187; global_colors_info=&#187;{}&#187; items_text_color__hover_enabled=&#187;off|desktop&#187; current_bg_color__hover_enabled=&#187;on|hover&#187; items_bg_color__hover_enabled=&#187;off|hover&#187; current_bg_color__hover=&#187;RGBA(255,255,255,0)&#187;][\/dsm_breadcrumbs][\/et_pb_column][\/et_pb_row][\/et_pb_section][et_pb_section fb_built=&#187;1&#8243; _builder_version=&#187;4.27.4&#8243; background_color=&#187;#FCE7C5&#8243; custom_padding=&#187;||103px|||&#187; bottom_divider_style=&#187;curve&#187; bottom_divider_color=&#187;#AB5B47&#8243; bottom_divider_height=&#187;30px&#187; bottom_divider_height_tablet=&#187;20px&#187; bottom_divider_height_phone=&#187;7px&#187; bottom_divider_height_last_edited=&#187;on|phone&#187; global_colors_info=&#187;{}&#187;][et_pb_row _builder_version=&#187;4.27.3&#8243; _module_preset=&#187;default&#187; custom_padding=&#187;||3px|||&#187; locked=&#187;off&#187; global_colors_info=&#187;{}&#187;][et_pb_column type=&#187;4_4&#8243; _builder_version=&#187;4.27.3&#8243; _module_preset=&#187;default&#187; global_colors_info=&#187;{}&#187;][et_pb_text _builder_version=&#187;4.27.4&#8243; _module_preset=&#187;default&#187; global_colors_info=&#187;{}&#187;]<\/p>\n<p><strong>Die kontinuierliche und erfolgreiche Arbeit des Vereins st\u00f6sst auch bei bekannten Pers\u00f6nlichkeiten auf Anerkennung.<\/strong><\/p>\n<p>[\/et_pb_text][et_pb_heading title=&#187;Was Erich Fehr, Stadtpr\u00e4sident Biel, zu Casanostra sagt&#187; _builder_version=&#187;4.27.4&#8243; _module_preset=&#187;default&#187; title_level=&#187;h2&#8243; title_text_color=&#187;#AB5B47&#8243; locked=&#187;off&#187; global_colors_info=&#187;{}&#187;][\/et_pb_heading][et_pb_text _builder_version=&#187;4.27.4&#8243; _module_preset=&#187;default&#187; locked=&#187;off&#187; global_colors_info=&#187;{}&#187;]<\/p>\n<p><strong>Eine gesicherte Wohnsituation ist Grundvoraussetzung f\u00fcr pers\u00f6nliche Stabilit\u00e4t. Der von der Stadt Biel unterst\u00fctzte private Verein Casanostra hat in den letzten 25 Jahren mit seinem Angebot dazu beigetragen, dass Personen, die sich in einer schwierigen Lebenssituation befinden, eine neue Perspektive f\u00fcr sich und ihr Umfeld entwickeln k\u00f6nnen.<\/strong><\/p>\n<p>[\/et_pb_text][et_pb_text _builder_version=&#187;4.27.4&#8243; background_size=&#187;initial&#187; background_position=&#187;top_left&#187; background_repeat=&#187;repeat&#187; global_colors_info=&#187;{}&#187;]<\/p>\n<p><span>Casanostra wirkt somit der Verwahrlosung von Personen und Quartieren entgegen, st\u00e4rkt den sozialen und gesellschaftlichen Zusammenhalt und verschafft benachteiligten Menschen gute Wohnungen zu angemessenen Konditionen. Mit seiner Arbeit tr\u00e4gt der Verein Casanostra auch zur Erneuerung des Immobilienbestands in der Stadt Biel bei. Die Stadt Biel hat mit Casanostra nur gute Erfahrungen gemacht. F\u00fcr die Zukunft w\u00fcnsche ich mir, dass die gute Zusammenarbeit fortgef\u00fchrt werden kann und dass sozial benachteiligte Personen dank der Arbeit von Casanostra nachhaltig integriert werden k\u00f6nnen.<\/span><\/p>\n<p>[\/et_pb_text][et_pb_heading title=&#187;Was Felix Wolfers, Vorsteher des Sozialamts der Stadt Bern und Co-Pr\u00e4sident der Konferenz f\u00fcr Sozialhilfe (SKOS), zu Casanostra sagt&#187; _builder_version=&#187;4.27.4&#8243; _module_preset=&#187;default&#187; title_level=&#187;h2&#8243; title_text_color=&#187;#AB5B47&#8243; locked=&#187;off&#187; global_colors_info=&#187;{}&#187;][\/et_pb_heading][et_pb_text _builder_version=&#187;4.27.4&#8243; _module_preset=&#187;default&#187; locked=&#187;off&#187; global_colors_info=&#187;{}&#187;]<\/p>\n<p><strong>Mit Casanostra wollte die Stadt Biel auch jenen Personen g\u00fcnstigen und guten Wohnraum zur Verf\u00fcgung stellen, welche auf dem Wohnungsmarkt oft das Nachsehen haben.<\/strong><\/p>\n<p>[\/et_pb_text][et_pb_text _builder_version=&#187;4.27.4&#8243; background_size=&#187;initial&#187; background_position=&#187;top_left&#187; background_repeat=&#187;repeat&#187; global_colors_info=&#187;{}&#187;]<\/p>\n<p><span>Casanostra erf\u00fcllt diese Aufgabe seit 25 Jahren in optimaler Weise. Aus den bescheidenen Anf\u00e4ngen ist eine professionelle Organisation entstanden, welche f\u00fcr die Stadt Biel unverzichtbar ist und gesamtschweizerisch als Vorbild dient. Hinter diesem Erfolg stehen hochkompetente und sehr engagierte Mitarbeitende, welche t\u00e4glich daf\u00fcr sorgen, dass Wohnraum kein Traum bleibt.<\/span><\/p>\n<p>[\/et_pb_text][et_pb_heading title=&#187;Was Barbara Schwickert, Gemeinder\u00e4tin der Stadt Biel, zu Casanostra sagt&#187; _builder_version=&#187;4.27.4&#8243; _module_preset=&#187;default&#187; title_level=&#187;h2&#8243; title_text_color=&#187;#AB5B47&#8243; locked=&#187;off&#187; global_colors_info=&#187;{}&#187;][\/et_pb_heading][et_pb_text _builder_version=&#187;4.27.4&#8243; _module_preset=&#187;default&#187; locked=&#187;off&#187; global_colors_info=&#187;{}&#187;]<\/p>\n<p><strong>Als gr\u00fcne Baudirektorin der Stadt Biel liegen mir zwei Anspr\u00fcche des Vereins Casanostra besonders am Herzen.<\/strong><\/p>\n<p>[\/et_pb_text][et_pb_text _builder_version=&#187;4.27.4&#8243; background_size=&#187;initial&#187; background_position=&#187;top_left&#187; background_repeat=&#187;repeat&#187; global_colors_info=&#187;{}&#187;]<\/p>\n<p><span>Erstens die soziale Aktivit\u00e4t rund um die Obdachsicherung und Wohnraumsicherung f\u00fcr unsere armutsbetroffenen und armutsgef\u00e4hrdeten B\u00fcrgerinnen und B\u00fcrger. Und zweitens die \u00e4usserst \u00f6kologische Haltung des Vereins seit seiner Gr\u00fcndung. Diese Haltung zeigt sich bei den Hausbesuchen der Mitarbeitenden mit Velo und \u00f6ffentlichem Verkehr; bei den k\u00fcrzlich renovierten Liegenschaften, die teilweise mit Solaranlage ausgestattet sind und in denen die Energieeffizienz einen grossen Stellenwert hat; oder auch beim Strom aus erneuerbaren Energien, den Casanostra seit Jahren f\u00fcr alle seine gemieteten Wohnungen vom Energie Service Biel bezieht.<\/span><\/p>\n<p>[\/et_pb_text][et_pb_heading title=&#187;Was die ETH-Forscherinnen und Studienautorinnen* zu Casanostra sagen&#187; _builder_version=&#187;4.27.4&#8243; _module_preset=&#187;default&#187; title_level=&#187;h2&#8243; title_text_color=&#187;#AB5B47&#8243; locked=&#187;off&#187; global_colors_info=&#187;{}&#187;][\/et_pb_heading][et_pb_text _builder_version=&#187;4.27.4&#8243; _module_preset=&#187;default&#187; locked=&#187;off&#187; global_colors_info=&#187;{}&#187;]<\/p>\n<p><strong>Das Modell von Casanostra zeichnet sich durch sein breites Angebotsspektrum aus: Sozial benachteiligte Menschen erhalten eine \u2013 spezifisch auf ihre Situation angepasste \u2013 professionelle Beratung und Unterst\u00fctzung in Wohnfragen sowie Zugang zu sehr g\u00fcnstigen und qualitativ guten Wohnungen.<\/strong><\/p>\n<p>[\/et_pb_text][et_pb_text _builder_version=&#187;4.27.4&#8243; background_size=&#187;initial&#187; background_position=&#187;top_left&#187; background_repeat=&#187;repeat&#187; global_colors_info=&#187;{}&#187;]<\/p>\n<p><span>Als Vermieterin eigener Liegenschaften schl\u00e4gt Casanostra eine Br\u00fccke zwischen der Immobilienbranche und dem Sozialwesen und achtet auf Durchmischung und die stadtr\u00e4umliche Einbettung der H\u00e4user. Damit leistet Casanostra einen wesentlichen Beitrag gegen die gesellschaftliche Verdr\u00e4ngung und gegen die Unterbringung von Armutsbetroffenen in prek\u00e4ren oder desolaten Wohnverh\u00e4ltnissen. F\u00fcr die Mietenden wirkt sich die Gewissheit, ein l\u00e4ngerfristig sicheres und zufriedenstellendes Zuhause zu haben und nicht auf bestimmte Problemdefinitionen reduziert zu werden, positiv und stabilisierend auf ihr Wohlbefinden und ihre teils sehr komplexen Lebens- und Problemsituationen aus. Dies ist ein Wert, der sich auch f\u00fcr die \u00f6ffentliche Hand auszahlt.<\/span><\/p>\n<p>[\/et_pb_text][et_pb_blurb use_icon=&#187;on&#187; font_icon=&#187;&#xf05a;||fa||900&#8243; _builder_version=&#187;4.27.4&#8243; _module_preset=&#187;default&#187; custom_margin=&#187;0px||30px||false|false&#187; global_colors_info=&#187;{}&#187;]<\/p>\n<p>Eveline Althaus, Michaela Schmidt und Marie Glaser vom ETH Wohnforum sind Autorinnen der Studie \u00abNicht-monet\u00e4re Dienstleistungen im Bereich Wohnen f\u00fcr armutsgef\u00e4hrdete und -betroffene Menschen. Eine Untersuchung von staatlichen und nicht-staatlichen Angeboten\u00bb, die im Rahmen des Nationalen Programms zur Pr\u00e4vention und Bek\u00e4mpfung von Armut im Fr\u00fchling 2016 publiziert worden ist.<\/p>\n<p>[\/et_pb_blurb][et_pb_heading title=&#187;Was Heidi L\u00fcdi, Pr\u00e4sidentin der gr\u00f6ssten Wohnbaugenossenschaft in Biel, \u00abDaheim\u00bb, zu Casanostra sagt&#187; _builder_version=&#187;4.27.4&#8243; _module_preset=&#187;default&#187; title_level=&#187;h2&#8243; title_text_color=&#187;#AB5B47&#8243; locked=&#187;off&#187; global_colors_info=&#187;{}&#187;][\/et_pb_heading][et_pb_text _builder_version=&#187;4.27.4&#8243; _module_preset=&#187;default&#187; locked=&#187;off&#187; global_colors_info=&#187;{}&#187;]<\/p>\n<p><strong>Wir haben positive Erfahrungen mit der Wohnfit-Begleitung von Casanostra gemacht.<\/strong><\/p>\n<p>[\/et_pb_text][et_pb_text _builder_version=&#187;4.27.4&#8243; background_size=&#187;initial&#187; background_position=&#187;top_left&#187; background_repeat=&#187;repeat&#187; global_colors_info=&#187;{}&#187;]<\/p>\n<p><span>F\u00fcr drei sehr langj\u00e4hrige Mietverh\u00e4ltnisse, die w\u00e4hrend Jahrzehnten ohne Probleme verliefen und pl\u00f6tzlich eskalierten, konnte eine Person dank dem Wohnfit in eine Wohngemeinschaft umziehen. Der Alltag von zwei weiteren Personen konnte mit dem Wohnfit neu strukturiert werden, sodass der Verbleib in der Wohnung erm\u00f6glicht wurde. Ohne die Begleitung von Casanostra h\u00e4tten diese Mieterinnen und Mieter die K\u00fcndigung f\u00fcr die Wohnung erhalten. Wir sch\u00e4tzen es, dass es die Wohnfit-Begleitung gibt.<\/span><\/p>\n<p>[\/et_pb_text][et_pb_heading title=&#187;Was Louis Schelbert, Nationalrat der Gr\u00fcnen und Pr\u00e4sident Wohnbaugenossenschaften Schweiz, zu Casanostra sagt&#187; _builder_version=&#187;4.27.4&#8243; _module_preset=&#187;default&#187; title_level=&#187;h2&#8243; title_text_color=&#187;#AB5B47&#8243; locked=&#187;off&#187; global_colors_info=&#187;{}&#187;][\/et_pb_heading][et_pb_text _builder_version=&#187;4.27.4&#8243; _module_preset=&#187;default&#187; locked=&#187;off&#187; global_colors_info=&#187;{}&#187;]<\/p>\n<p><strong>Der Markt funktioniert f\u00fcr die finanziell und sozial Schw\u00e4chsten nicht.<\/strong><\/p>\n<p>[\/et_pb_text][et_pb_text _builder_version=&#187;4.27.4&#8243; background_size=&#187;initial&#187; background_position=&#187;top_left&#187; background_repeat=&#187;repeat&#187; global_colors_info=&#187;{}&#187;]<\/p>\n<p><span>Der gemeinn\u00fctzige Wohnungsbau ist der Schl\u00fcssel zur L\u00f6sung von Wohnraumproblemen. Er verzichtet auf das Abf\u00fchren von privaten Gewinnen und kann dadurch die Wohnungen g\u00fcnstiger anbieten. Das hat Casanostra zum Wohl der \u00d6ffentlichkeit erkannt.<\/span><\/p>\n<p>[\/et_pb_text][\/et_pb_column][\/et_pb_row][\/et_pb_section]<\/p>\n","protected":false},"excerpt":{"rendered":"<p><div class=\"et_pb_module dsm_breadcrumbs dsm_breadcrumbs_0\">\n\t\t\t\t\n\t\t\t\t\n\t\t\t\t\n\t\t\t\t\n\t\t\t\t\n\t\t\t\t\n\t\t\t\t<div class=\"et_pb_module_inner\">\n\t\t\t\t\t<nav class=\"dsm_breadcrumbs_wrap\">\n\t\t\t\t<ul class=\"dsm_breadcrumbs\" itemscope itemtype=\"https:\/\/schema.org\/BreadcrumbList\">\t\t\t<li class=\"dsm_breadcrumbs_item dsm_home_item dsm_home_item_custom\" itemprop=\"itemListElement\" itemscope\n\t\t\titemtype=\"https:\/\/schema.org\/ListItem\">\n\t\t\t\t<a href=\"https:\/\/casanostra-biel.ch\/fr\" itemprop=\"item\" target=\"\">\n\t\t\t\t\t<span class='dsm_home_text_wrapper'>\n\t\t\t\t\t\t\t\t\t\t\t\t\t<span class=\"dsm_home_text\" itemprop=\"name\">\n\t\t\t\t\t\t\t\tHome\t\t\t\t\t\t\t<\/span>\n\t\t\t\t\t<\/span>\n\t\t\t\t<\/a>\n\t\t\t\t<meta itemprop=\"position\" content=\"1\" \/>\n\t\t\t<\/li>\n\n\t\t<li class=\"dsm_breadcrumbs_separator\"> <span class=\"et-pb-icon dsm_separator_icon\">&#x35;<\/span><\/li><\/ul>\n\t\t\t<\/nav>\n\t\t\t\t<\/div>\n\t\t\t<\/div>Die kontinuierliche und erfolgreiche Arbeit des Vereins st\u00f6sst auch bei bekannten Pers\u00f6nlichkeiten auf Anerkennung.Eine gesicherte Wohnsituation ist Grundvoraussetzung f\u00fcr pers\u00f6nliche Stabilit\u00e4t. Der von der Stadt Biel unterst\u00fctzte private Verein Casanostra hat in den letzten 25 Jahren mit seinem Angebot dazu beigetragen, dass Personen, die sich in einer schwierigen Lebenssituation befinden, eine neue Perspektive f\u00fcr sich und ihr Umfeld entwickeln k\u00f6nnen.Casanostra wirkt somit der Verwahrlosung von Personen und Quartieren entgegen, st\u00e4rkt den sozialen und gesellschaftlichen Zusammenhalt und verschafft benachteiligten Menschen gute Wohnungen zu angemessenen Konditionen. Mit seiner Arbeit tr\u00e4gt der Verein Casanostra auch zur Erneuerung des Immobilienbestands in der Stadt Biel bei. Die Stadt Biel hat mit Casanostra nur gute Erfahrungen gemacht. F\u00fcr die Zukunft w\u00fcnsche ich mir, dass die gute Zusammenarbeit fortgef\u00fchrt werden kann und dass sozial benachteiligte Personen dank der Arbeit von Casanostra nachhaltig integriert werden k\u00f6nnen.Mit Casanostra wollte die Stadt Biel auch jenen Personen g\u00fcnstigen und guten Wohnraum zur Verf\u00fcgung stellen, welche auf dem Wohnungsmarkt oft das Nachsehen haben.Casanostra erf\u00fcllt diese Aufgabe seit 25 Jahren in optimaler Weise. Aus den bescheidenen Anf\u00e4ngen ist eine professionelle [&hellip;]<\/p>\n","protected":false},"author":12,"featured_media":201,"parent":176,"menu_order":0,"comment_status":"closed","ping_status":"closed","template":"","meta":{"_et_pb_use_builder":"on","_et_pb_old_content":"<br>\r\n<h4>Prominente Personen \u00e4ussern sich zum Verein Casanostra<\/h4>\r\n<p>Die kontinuierliche und erfolgreiche Arbeit des Vereins st\u00f6sst auch bei bekannten Pers\u00f6nlichkeiten auf Anerkennung.<\/p>\r\n\r\n[casanostra-appreciation]","_et_gb_content_width":"","footnotes":""},"class_list":["post-200","page","type-page","status-publish","has-post-thumbnail","hentry"],"_links":{"self":[{"href":"https:\/\/casanostra-biel.ch\/fr\/wp-json\/wp\/v2\/pages\/200","targetHints":{"allow":["GET"]}}],"collection":[{"href":"https:\/\/casanostra-biel.ch\/fr\/wp-json\/wp\/v2\/pages"}],"about":[{"href":"https:\/\/casanostra-biel.ch\/fr\/wp-json\/wp\/v2\/types\/page"}],"author":[{"embeddable":true,"href":"https:\/\/casanostra-biel.ch\/fr\/wp-json\/wp\/v2\/users\/12"}],"replies":[{"embeddable":true,"href":"https:\/\/casanostra-biel.ch\/fr\/wp-json\/wp\/v2\/comments?post=200"}],"version-history":[{"count":0,"href":"https:\/\/casanostra-biel.ch\/fr\/wp-json\/wp\/v2\/pages\/200\/revisions"}],"up":[{"embeddable":true,"href":"https:\/\/casanostra-biel.ch\/fr\/wp-json\/wp\/v2\/pages\/176"}],"wp:featuredmedia":[{"embeddable":true,"href":"https:\/\/casanostra-biel.ch\/fr\/wp-json\/wp\/v2\/media\/201"}],"wp:attachment":[{"href":"https:\/\/casanostra-biel.ch\/fr\/wp-json\/wp\/v2\/media?parent=200"}],"curies":[{"name":"wp","href":"https:\/\/api.w.org\/{rel}","templated":true}]}}