{"id":176,"date":"2017-02-25T14:22:19","date_gmt":"2017-02-25T14:22:19","guid":{"rendered":"https:\/\/casanostra-biel.ch\/?page_id=176"},"modified":"2025-12-04T12:42:45","modified_gmt":"2025-12-04T12:42:45","slug":"association","status":"publish","type":"page","link":"https:\/\/casanostra-biel.ch\/fr\/ueber-uns\/","title":{"rendered":"Association"},"content":{"rendered":"<p>[et_pb_section fb_built=&#187;1&#8243; module_class=&#187;hero-section&#187; _builder_version=&#187;4.27.4&#8243; _module_preset=&#187;default&#187; background_color=&#187;RGBA(255,255,255,0)&#187; background_image=&#187;https:\/\/casanostra-biel.ch\/wp-content\/uploads\/2023\/07\/IMG_9913-scaled-1.jpeg&#187; width_tablet=&#187;&#187; width_phone=&#187;&#187; width_last_edited=&#187;on|phone&#187; max_width_tablet=&#187;&#187; max_width_phone=&#187;&#187; max_width_last_edited=&#187;on|tablet&#187; height=&#187;50vh&#187; height_tablet=&#187;40vh&#187; height_phone=&#187;40vh&#187; height_last_edited=&#187;on|tablet&#187; bottom_divider_style=&#187;curve&#187; bottom_divider_color=&#187;gcid-secondary-color&#187; bottom_divider_height=&#187;30px&#187; bottom_divider_height_tablet=&#187;20px&#187; bottom_divider_height_phone=&#187;7px&#187; bottom_divider_height_last_edited=&#187;on|desktop&#187; background_last_edited=&#187;on|phone&#187; parallax_phone=&#187;off&#187; background_size_phone=&#187;custom&#187; background_image_width_phone=&#187;100%&#187; background_image_height_phone=&#187;100%&#187; background_blend_phone=&#187;normal&#187; custom_css_free_form=&#187;.selector {|| display: flex;|| justify-content: center; \/* Horizontally centers content *\/|| align-items: center; \/* Vertically centers content *\/||}&#187; global_colors_info=&#187;{%22gcid-secondary-color%22:%91%22bottom_divider_color%22,%22bottom_divider_color%22%93}&#187;][\/et_pb_section][et_pb_section fb_built=&#187;1&#8243; disabled_on=&#187;on|off|off&#187; _builder_version=&#187;4.27.4&#8243; _module_preset=&#187;default&#187; background_color=&#187;gcid-secondary-color&#187; custom_margin=&#187;0px||0px||false|false&#187; custom_padding=&#187;0px||0px||false|false&#187; border_color_bottom=&#187;#9B140E&#187; global_colors_info=&#187;{%22gcid-secondary-color%22:%91%22background_color%22%93}&#187;][et_pb_row _builder_version=&#187;4.27.3&#8243; _module_preset=&#187;default&#187; width=&#187;100%&#187; max_width=&#187;100%&#187; custom_margin=&#187;0px||0px||false|false&#187; custom_padding=&#187;10px||0px||false|false&#187; global_colors_info=&#187;{}&#187;][et_pb_column type=&#187;4_4&#8243; _builder_version=&#187;4.27.3&#8243; _module_preset=&#187;default&#187; global_colors_info=&#187;{}&#187;][dsm_breadcrumbs show_home_icon=&#187;off&#187; separator_icon=&#187;&#x35;||divi||400&#8243; items_bg_color=&#187;#C75C42&#8243; items_padding=&#187;0px|15px|0px|15px|true|true&#187; current_padding=&#187;0px|0px|0px|0px|false|false&#187; _builder_version=&#187;4.27.4&#8243; _module_preset=&#187;default&#187; items_text_color=&#187;#FFFFFF&#187; items_font_size=&#187;1rem&#187; separators_text_color=&#187;#AB5B47&#8243; current_font=&#187;Sytax LT Bold||||||||&#187; current_text_color=&#187;#3A2F2A&#187; current_font_size=&#187;1rem&#187; custom_margin=&#187;0px||0px|0px|false|false&#187; custom_padding=&#187;0px||0px|5%|false|false&#187; border_radii_items=&#187;on|200px|200px|200px|200px&#187; global_colors_info=&#187;{}&#187; items_text_color__hover_enabled=&#187;off|desktop&#187; current_bg_color__hover_enabled=&#187;on|hover&#187; items_bg_color__hover_enabled=&#187;off|hover&#187; current_bg_color__hover=&#187;RGBA(255,255,255,0)&#187;][\/dsm_breadcrumbs][\/et_pb_column][\/et_pb_row][\/et_pb_section][et_pb_section fb_built=&#187;1&#8243; _builder_version=&#187;4.27.4&#8243; _module_preset=&#187;default&#187; background_color=&#187;#fce7c5&#8243; custom_padding=&#187;||0px||false|false&#187; bottom_divider_color=&#187;#FDF4E4&#8243; bottom_divider_height=&#187;15px&#187; bottom_divider_height_tablet=&#187;15px&#187; bottom_divider_height_phone=&#187;5px&#187; bottom_divider_height_last_edited=&#187;on|phone&#187; border_color_bottom=&#187;#B5836D&#187; global_colors_info=&#187;{%22gcid-heading-color%22:%91%22next_background_color%22%93,%22gcid-secondary-color%22:%91%22background_color%22%93}&#187;][et_pb_row _builder_version=&#187;4.27.3&#8243; _module_preset=&#187;default&#187; global_colors_info=&#187;{}&#187;][et_pb_column type=&#187;4_4&#8243; _builder_version=&#187;4.27.3&#8243; _module_preset=&#187;default&#187; global_colors_info=&#187;{}&#187;][et_pb_heading title=&#187;Was die Aufgabe von Casanostra ist&#187; _builder_version=&#187;4.27.4&#8243; _module_preset=&#187;default&#187; title_text_color=&#187;#AB5B47&#8243; title_font_size=&#187;6rem&#187; title_font_size_tablet=&#187;4.2rem&#187; title_font_size_phone=&#187;3.2rem&#187; title_font_size_last_edited=&#187;on|phone&#187; global_colors_info=&#187;{}&#187;][\/et_pb_heading][et_pb_text _builder_version=&#187;4.27.4&#8243; _module_preset=&#187;default&#187; text_font=&#187;Sytax LT Bold|&#8211;et_global_heading_font_weight|||||||&#187; text_text_color=&#187;#000000&#8243; text_font_size=&#187;1.3rem&#187; text_line_height=&#187;1.4em&#187; header_3_text_color=&#187;#9B140E&#187; header_3_font_size=&#187;2.3rem&#187; background_size=&#187;initial&#187; background_position=&#187;top_left&#187; background_repeat=&#187;repeat&#187; hover_enabled=&#187;0&#8243; text_font_size_tablet=&#187;1.3rem&#187; text_font_size_phone=&#187;1.1rem&#187; text_font_size_last_edited=&#187;on|phone&#187; header_3_font_size_tablet=&#187;2.1rem&#187; header_3_font_size_phone=&#187;1.7rem&#187; header_3_font_size_last_edited=&#187;on|desktop&#187; global_colors_info=&#187;{}&#187; sticky_enabled=&#187;0&#8243;]<\/p>\n<p><strong>Casanostra wurde 1990 nach der Wohnungsnot in den 80er Jahren mit Hilfe der Stadt Biel gegr\u00fcndet.<\/strong><\/p>\n<p>[\/et_pb_text][\/et_pb_column][\/et_pb_row][\/et_pb_section][et_pb_section fb_built=&#187;1&#8243; _builder_version=&#187;4.27.4&#8243; _module_preset=&#187;default&#187; background_color=&#187;gcid-d823f88d-be8d-4eee-a393-0d5b6c37c1f0&#8243; custom_padding=&#187;0px||0px||false|false&#187; bottom_divider_color=&#187;#FDF4E4&#8243; bottom_divider_height=&#187;15px&#187; bottom_divider_height_tablet=&#187;15px&#187; bottom_divider_height_phone=&#187;5px&#187; bottom_divider_height_last_edited=&#187;on|phone&#187; border_color_bottom=&#187;#B5836D&#187; locked=&#187;off&#187; global_colors_info=&#187;{%22gcid-heading-color%22:%91%22next_background_color%22%93,%22gcid-d823f88d-be8d-4eee-a393-0d5b6c37c1f0%22:%91%22background_color%22%93}&#187;][et_pb_row _builder_version=&#187;4.27.3&#8243; _module_preset=&#187;default&#187; global_colors_info=&#187;{}&#187;][et_pb_column type=&#187;4_4&#8243; _builder_version=&#187;4.27.3&#8243; _module_preset=&#187;default&#187; global_colors_info=&#187;{}&#187;][et_pb_heading title=&#187;Wohnrecht f\u00fcr alle&#187; _builder_version=&#187;4.27.4&#8243; _module_preset=&#187;default&#187; title_level=&#187;h2&#8243; title_text_color=&#187;#AB5B47&#8243; custom_margin=&#187;||10px||false|false&#187; custom_margin_tablet=&#187;||10px||false|false&#187; custom_margin_phone=&#187;||5px||false|false&#187; custom_margin_last_edited=&#187;on|phone&#187; global_colors_info=&#187;{}&#187;][\/et_pb_heading][et_pb_text _builder_version=&#187;4.27.4&#8243; _module_preset=&#187;default&#187; global_colors_info=&#187;{}&#187;]<\/p>\n<p>Die Verfassung des Kantons Bern sichert allen B\u00fcrgerinnen und B\u00fcrgern das Recht auf eine angemessene Unterbringung zu. Die Stadt Biel \u00fcbertr\u00e4gt ihre \u00f6ffentliche Aufgabe der Wohnungsf\u00fcrsorge mit einem Leistungsvertrag an Casanostra. In diesem Rahmen versteht sich Casanostra als Teil des st\u00e4dtischen Konzepts. Dabei will der Verein die Problematik der Obdachlosigkeit in umfassendem Sinne angehen.<\/p>\n<p>[\/et_pb_text][\/et_pb_column][\/et_pb_row][et_pb_row disabled_on=&#187;on|on|on&#187; _builder_version=&#187;4.27.3&#8243; _module_preset=&#187;default&#187; disabled=&#187;on&#187; global_colors_info=&#187;{}&#187;][et_pb_column type=&#187;4_4&#8243; _builder_version=&#187;4.27.3&#8243; _module_preset=&#187;default&#187; global_colors_info=&#187;{}&#187;][et_pb_team_member name=&#187;Erich Fehr&#187; image_url=&#187;https:\/\/casanostra-biel.ch\/wp-content\/uploads\/2024\/11\/img_large.jpg&#187; _builder_version=&#187;4.27.4&#8243; _module_preset=&#187;default&#187; header_level=&#187;h3&#8243; header_text_color=&#187;#000000&#8243; header_font_size=&#187;2.3rem&#187; body_text_color=&#187;#393E41&#8243; body_font_size=&#187;1.3rem&#187; body_line_height=&#187;1.5em&#187; position_font=&#187;|||on|||||&#187; position_text_color=&#187;#AB5B47&#8243; position_font_size=&#187;1.3rem&#187; animation_style=&#187;slide&#187; animation_duration=&#187;500ms&#187; animation_intensity_slide=&#187;5%&#187; header_font_size_tablet=&#187;2.1rem&#187; header_font_size_phone=&#187;1.7rem&#187; header_font_size_last_edited=&#187;on|phone&#187; body_font_size_tablet=&#187;1.3rem&#187; body_font_size_phone=&#187;1.1rem&#187; body_font_size_last_edited=&#187;on|phone&#187; position_font_size_tablet=&#187;1.3rem&#187; position_font_size_phone=&#187;1.1rem&#187; position_font_size_last_edited=&#187;on|phone&#187; border_radii_image=&#187;on|5px|5px|5px|5px&#187; global_colors_info=&#187;{}&#187;]<\/p>\n<p>\u00abEine gesicherte Wohnsituation ist Grundvoraussetzung f\u00fcr pers\u00f6nliche Stabilit\u00e4t. Der von der Stadt Biel unterst\u00fctzte private Verein Casanostra hat in den letzten 25 Jahren mit seinem Angebot dazu beigetragen, dass Personen, die sich in einer schwierigen Lebenssituation befinden, eine neue Perspektive f\u00fcr sich und ihr Umfeld entwickeln k\u00f6nnen.\u00bb<\/p>\n<p><strong>Ehemaliger Stadtpr\u00e4sident Biel<\/strong><\/p>\n<p>[\/et_pb_team_member][\/et_pb_column][\/et_pb_row][\/et_pb_section][et_pb_section fb_built=&#187;1&#8243; _builder_version=&#187;4.27.4&#8243; _module_preset=&#187;default&#187; background_color=&#187;gcid-secondary-color&#187; custom_padding=&#187;0px||0px||false|false&#187; bottom_divider_color=&#187;#FDF4E4&#8243; bottom_divider_height=&#187;15px&#187; bottom_divider_height_tablet=&#187;15px&#187; bottom_divider_height_phone=&#187;5px&#187; bottom_divider_height_last_edited=&#187;on|phone&#187; border_color_bottom=&#187;#B5836D&#187; locked=&#187;off&#187; global_colors_info=&#187;{%22gcid-heading-color%22:%91%22next_background_color%22%93,%22gcid-secondary-color%22:%91%22background_color%22%93}&#187;][et_pb_row _builder_version=&#187;4.27.3&#8243; _module_preset=&#187;default&#187; locked=&#187;off&#187; global_colors_info=&#187;{}&#187;][et_pb_column type=&#187;4_4&#8243; _builder_version=&#187;4.27.3&#8243; _module_preset=&#187;default&#187; global_colors_info=&#187;{}&#187;][et_pb_heading title=&#187;Wohnen als Basis f\u00fcr pers\u00f6nliche Stabilit\u00e4t&#187; _builder_version=&#187;4.27.4&#8243; _module_preset=&#187;default&#187; title_level=&#187;h2&#8243; title_text_color=&#187;#AB5B47&#8243; custom_margin=&#187;||10px||false|false&#187; custom_margin_tablet=&#187;||10px||false|false&#187; custom_margin_phone=&#187;||5px||false|false&#187; custom_margin_last_edited=&#187;on|phone&#187; global_colors_info=&#187;{}&#187;][\/et_pb_heading][et_pb_text _builder_version=&#187;4.27.4&#8243; _module_preset=&#187;default&#187; global_colors_info=&#187;{}&#187;]<\/p>\n<p>Casanostra ist der \u00dcberzeugung, dass eine gesicherte Wohnsituation Voraussetzung ist, um pers\u00f6nliche Probleme wie materielle Existenzsicherung, Gesundheitspflege, Hygiene, Sucht und Beziehungen anzugehen.<\/p>\n<p>[\/et_pb_text][\/et_pb_column][\/et_pb_row][\/et_pb_section][et_pb_section fb_built=&#187;1&#8243; _builder_version=&#187;4.27.4&#8243; _module_preset=&#187;default&#187; background_color=&#187;#FDF4E4&#8243; custom_padding=&#187;0px||0px||false|false&#187; bottom_divider_color=&#187;#FDF4E4&#8243; bottom_divider_height=&#187;15px&#187; bottom_divider_height_tablet=&#187;15px&#187; bottom_divider_height_phone=&#187;5px&#187; bottom_divider_height_last_edited=&#187;on|phone&#187; border_color_bottom=&#187;#B5836D&#187; locked=&#187;off&#187; global_colors_info=&#187;{%22gcid-heading-color%22:%91%22next_background_color%22%93}&#187;][et_pb_row _builder_version=&#187;4.27.3&#8243; _module_preset=&#187;default&#187; locked=&#187;off&#187; global_colors_info=&#187;{}&#187;][et_pb_column type=&#187;4_4&#8243; _builder_version=&#187;4.27.3&#8243; _module_preset=&#187;default&#187; global_colors_info=&#187;{}&#187;][et_pb_heading title=&#187;Integration statt Ausgrenzung&#187; _builder_version=&#187;4.27.4&#8243; _module_preset=&#187;default&#187; title_level=&#187;h2&#8243; title_text_color=&#187;#AB5B47&#8243; custom_margin=&#187;||10px||false|false&#187; custom_margin_tablet=&#187;||10px||false|false&#187; custom_margin_phone=&#187;||5px||false|false&#187; custom_margin_last_edited=&#187;on|phone&#187; global_colors_info=&#187;{}&#187;][\/et_pb_heading][et_pb_text _builder_version=&#187;4.27.4&#8243; _module_preset=&#187;default&#187; global_colors_info=&#187;{}&#187;]<\/p>\n<p>Casanostra verfolgt bei seiner Arbeit ein integratives Konzept, unter anderem mit dezentralen Wohneinheiten. Der Verein ist bestrebt, sozial benachteiligte Personen nicht in ihrer Randst\u00e4ndigkeit zu belassen und M\u00f6glichkeiten zur Integration anzubieten. Die Durchmischung verschiedener Personengruppen im Wohnbereich kann sich dabei positiv auswirken. Casanostra setzt keine Abstinenz voraus.<\/p>\n<p>[\/et_pb_text][et_pb_testimonial author=&#187;Frau I.&#187; job_title=&#187;Klientin Casanostra&#187; portrait_url=&#187;https:\/\/casanostra-biel.ch\/wp-content\/uploads\/2025\/04\/Portrait-4-300&#215;169.jpg&#187; quote_icon=&#187;off&#187; _builder_version=&#187;4.27.4&#8243; _module_preset=&#187;default&#187; background_color=&#187;#FDF4E4&#8243; custom_margin=&#187;||||false|false&#187; custom_padding=&#187;||||false|false&#187; border_radii=&#187;on|10px|10px|10px|10px&#187; locked=&#187;off&#187; global_colors_info=&#187;{}&#187;]<\/p>\n<p class=\"p1\">\u201eMit dem Wohnfit von Casanostra kam Rhythmus in mein Leben.\u201c<\/p>\n<p>[\/et_pb_testimonial][\/et_pb_column][\/et_pb_row][\/et_pb_section][et_pb_section fb_built=&#187;1&#8243; _builder_version=&#187;4.27.4&#8243; _module_preset=&#187;default&#187; background_color=&#187;#FCE7C5&#8243; custom_padding=&#187;0px||||false|false&#187; bottom_divider_color=&#187;#FDF4E4&#8243; bottom_divider_height=&#187;15px&#187; bottom_divider_height_tablet=&#187;15px&#187; bottom_divider_height_phone=&#187;5px&#187; bottom_divider_height_last_edited=&#187;on|phone&#187; border_color_bottom=&#187;#B5836D&#187; locked=&#187;off&#187; global_colors_info=&#187;{%22gcid-heading-color%22:%91%22next_background_color%22%93}&#187;][et_pb_row _builder_version=&#187;4.27.3&#8243; _module_preset=&#187;default&#187; global_colors_info=&#187;{}&#187;][et_pb_column type=&#187;4_4&#8243; _builder_version=&#187;4.27.3&#8243; _module_preset=&#187;default&#187; global_colors_info=&#187;{}&#187;][et_pb_text _builder_version=&#187;4.27.4&#8243; _module_preset=&#187;default&#187; text_font=&#187;Sytax LT Bold|&#8211;et_global_heading_font_weight|||||||&#187; text_text_color=&#187;#000000&#8243; text_font_size=&#187;1.3rem&#187; text_line_height=&#187;1.4em&#187; header_3_text_color=&#187;#9B140E&#187; header_3_font_size=&#187;2.3rem&#187; background_size=&#187;initial&#187; background_position=&#187;top_left&#187; background_repeat=&#187;repeat&#187; text_font_size_tablet=&#187;1.3rem&#187; text_font_size_phone=&#187;1.1rem&#187; text_font_size_last_edited=&#187;on|phone&#187; header_3_font_size_tablet=&#187;2.1rem&#187; header_3_font_size_phone=&#187;1.7rem&#187; header_3_font_size_last_edited=&#187;on|desktop&#187; global_colors_info=&#187;{}&#187;]<\/p>\n<p>Casanostra ist zur Verwirklichung seiner Ziele in folgenden Bereichen t\u00e4tig:<\/p>\n<p>[\/et_pb_text][et_pb_blurb use_icon=&#187;on&#187; font_icon=&#187;&#xe046;||divi||400&#8243; _builder_version=&#187;4.27.4&#8243; _module_preset=&#187;bf5aa682-012b-412f-8e05-0a060be12516&#8243; global_colors_info=&#187;{}&#187;]<\/p>\n<p style=\"text-align: left;\">Wohnraumbeschaffung durch Miete und Erwerb<\/p>\n<p>[\/et_pb_blurb][et_pb_blurb use_icon=&#187;on&#187; font_icon=&#187;&#xe046;||divi||400&#8243; _builder_version=&#187;4.27.3&#8243; _module_preset=&#187;default&#187; locked=&#187;off&#187; global_colors_info=&#187;{}&#187;]Zimmer- und Wohnungsvermietung mit pers\u00f6nlicher, vertraglich vereinbarter Wohnbegleitung<br \/>\n[\/et_pb_blurb][et_pb_blurb use_icon=&#187;on&#187; font_icon=&#187;&#xe046;||divi||400&#8243; _builder_version=&#187;4.27.3&#8243; _module_preset=&#187;default&#187; locked=&#187;off&#187; global_colors_info=&#187;{}&#187;]Wohnungsvermietung mit sozialarbeiterischer Beratung und gemeinn\u00fctziger Liegenschaftsverwaltung<br \/>\n[\/et_pb_blurb][et_pb_blurb use_icon=&#187;on&#187; font_icon=&#187;&#xe046;||divi||400&#8243; _builder_version=&#187;4.27.3&#8243; _module_preset=&#187;default&#187; locked=&#187;off&#187; global_colors_info=&#187;{}&#187;]Vermietung von Objekten, die zu den eigenen Liegenschaften geh\u00f6ren, wie: Krippenr\u00e4umlichkeiten, Garagen, Parkpl\u00e4tze, Werbetafeln usw.<br \/>\n[\/et_pb_blurb][et_pb_blurb use_icon=&#187;on&#187; font_icon=&#187;&#xe046;||divi||400&#8243; _builder_version=&#187;4.27.3&#8243; _module_preset=&#187;default&#187; locked=&#187;off&#187; global_colors_info=&#187;{}&#187;]\u00d6ffentlichkeits- und Vernetzungsarbeit.<br \/>\n[\/et_pb_blurb][et_pb_blurb use_icon=&#187;on&#187; font_icon=&#187;&#xe046;||divi||400&#8243; _builder_version=&#187;4.27.4&#8243; _module_preset=&#187;default&#187; locked=&#187;off&#187; global_colors_info=&#187;{}&#187;]<\/p>\n<p>Unterst\u00fctzung in der Wohnraumsuche.<\/p>\n<p>[\/et_pb_blurb][\/et_pb_column][\/et_pb_row][\/et_pb_section]<\/p>\n","protected":false},"excerpt":{"rendered":"<p><div class=\"et_pb_module dsm_breadcrumbs dsm_breadcrumbs_0\">\n\t\t\t\t\n\t\t\t\t\n\t\t\t\t\n\t\t\t\t\n\t\t\t\t\n\t\t\t\t\n\t\t\t\t<div class=\"et_pb_module_inner\">\n\t\t\t\t\t<nav class=\"dsm_breadcrumbs_wrap\">\n\t\t\t\t<ul class=\"dsm_breadcrumbs\" itemscope itemtype=\"https:\/\/schema.org\/BreadcrumbList\">\t\t\t<li class=\"dsm_breadcrumbs_item dsm_home_item dsm_home_item_custom\" itemprop=\"itemListElement\" itemscope\n\t\t\titemtype=\"https:\/\/schema.org\/ListItem\">\n\t\t\t\t<a href=\"https:\/\/casanostra-biel.ch\/fr\" itemprop=\"item\" target=\"\">\n\t\t\t\t\t<span class='dsm_home_text_wrapper'>\n\t\t\t\t\t\t\t\t\t\t\t\t\t<span class=\"dsm_home_text\" itemprop=\"name\">\n\t\t\t\t\t\t\t\tHome\t\t\t\t\t\t\t<\/span>\n\t\t\t\t\t<\/span>\n\t\t\t\t<\/a>\n\t\t\t\t<meta itemprop=\"position\" content=\"1\" \/>\n\t\t\t<\/li>\n\n\t\t<li class=\"dsm_breadcrumbs_separator\"> <span class=\"et-pb-icon dsm_separator_icon\">&#x35;<\/span><\/li><\/ul>\n\t\t\t<\/nav>\n\t\t\t\t<\/div>\n\t\t\t<\/div>Casanostra wurde 1990 nach der Wohnungsnot in den 80er Jahren mit Hilfe der Stadt Biel gegr\u00fcndet.Die Verfassung des Kantons Bern sichert allen B\u00fcrgerinnen und B\u00fcrgern das Recht auf eine angemessene Unterbringung zu. Die Stadt Biel \u00fcbertr\u00e4gt ihre \u00f6ffentliche Aufgabe der Wohnungsf\u00fcrsorge mit einem Leistungsvertrag an Casanostra. In diesem Rahmen versteht sich Casanostra als Teil des st\u00e4dtischen Konzepts. Dabei will der Verein die Problematik der Obdachlosigkeit in umfassendem Sinne angehen.\u00abEine gesicherte Wohnsituation ist Grundvoraussetzung f\u00fcr pers\u00f6nliche Stabilit\u00e4t. Der von der Stadt Biel unterst\u00fctzte private Verein Casanostra hat in den letzten 25 Jahren mit seinem Angebot dazu beigetragen, dass Personen, die sich in einer schwierigen Lebenssituation befinden, eine neue Perspektive f\u00fcr sich und ihr Umfeld entwickeln k\u00f6nnen.\u00bb Ehemaliger Stadtpr\u00e4sident BielCasanostra ist der \u00dcberzeugung, dass eine gesicherte Wohnsituation Voraussetzung ist, um pers\u00f6nliche Probleme wie materielle Existenzsicherung, Gesundheitspflege, Hygiene, Sucht und Beziehungen anzugehen.Casanostra verfolgt bei seiner Arbeit ein integratives Konzept, unter anderem mit dezentralen Wohneinheiten. Der Verein ist bestrebt, sozial benachteiligte Personen nicht in ihrer Randst\u00e4ndigkeit zu belassen und M\u00f6glichkeiten zur Integration anzubieten. Die Durchmischung verschiedener Personengruppen im Wohnbereich kann sich [&hellip;]<\/p>\n","protected":false},"author":12,"featured_media":5463,"parent":0,"menu_order":0,"comment_status":"closed","ping_status":"closed","template":"","meta":{"_et_pb_use_builder":"on","_et_pb_old_content":"<p><strong>Casanostra wurde 1990 nach der Wohnungs- und Mietzinsnot in den 80er Jahren mit Hilfe der Stadt Biel gegr\u00fcndet.<\/strong><\/p><p>Die Verfassung des Kantons Bern sichert allen B\u00fcrgerinnen und B\u00fcrgern das Recht auf eine angemessene Unterbringung zu. In diesem Rahmen versteht sich Casanostra als Teil des st\u00e4dtischen Konzepts der Wohnungsf\u00fcrsorge. Dabei will der Verein die Problematik der Obdachlosigkeit in umfassendem Sinne angehen.<\/p><p>Casanostra ist der \u00dcberzeugung, dass eine gesicherte Wohnsituation Voraussetzung ist, um pers\u00f6nliche Probleme wie materielle Existenzsicherung, Gesundheitspflege, Hygiene, Sucht und Beziehungen anzugehen.<\/p><p>Casanostra verfolgt bei seiner Arbeit ein integratives Konzept, unter anderem mit dezentralen Wohneinheiten. Der Verein ist bestrebt, sozial benachteiligte Personen nicht in ihrer Randst\u00e4ndigkeit zu belassen und M\u00f6glichkeiten zur Integration anzubieten. Die Durchmischung verschiedener Personengruppen im Wohnbereich kann sich dabei positiv auswirken. Es gilt der Grundsatz, das Wohnen nicht an Bedingungen zu kn\u00fcpfen, die damit nichts zu tun haben (z.B. Alkohol-Abstinenz). Casanostra ist zur Verwirklichung seiner Ziele in folgenden Bereichen t\u00e4tig:<\/p><ul><li>Wohnraumbeschaffung durch Miete und Erwerb<\/li><li>Zimmer- und Wohnungsvermietung mit pers\u00f6nlicher, vertraglich vereinbarter Wohnbegleitung<\/li><li>Wohnungsvermietung mit sozialarbeiterischer Beratung und gemeinn\u00fctziger Liegenschaftsverwaltung<\/li><li>Vermietung von Objekten, die zu den eigenen Liegenschaften geh\u00f6ren, wie: Krippenr\u00e4umlichkeiten, Garagen, Parkpl\u00e4tze, Werbetafeln usw.<\/li><li>\u00d6ffentlichkeits- und Vernetzungsarbeit.<\/li><\/ul>","_et_gb_content_width":"","footnotes":""},"class_list":["post-176","page","type-page","status-publish","has-post-thumbnail","hentry"],"_links":{"self":[{"href":"https:\/\/casanostra-biel.ch\/fr\/wp-json\/wp\/v2\/pages\/176","targetHints":{"allow":["GET"]}}],"collection":[{"href":"https:\/\/casanostra-biel.ch\/fr\/wp-json\/wp\/v2\/pages"}],"about":[{"href":"https:\/\/casanostra-biel.ch\/fr\/wp-json\/wp\/v2\/types\/page"}],"author":[{"embeddable":true,"href":"https:\/\/casanostra-biel.ch\/fr\/wp-json\/wp\/v2\/users\/12"}],"replies":[{"embeddable":true,"href":"https:\/\/casanostra-biel.ch\/fr\/wp-json\/wp\/v2\/comments?post=176"}],"version-history":[{"count":0,"href":"https:\/\/casanostra-biel.ch\/fr\/wp-json\/wp\/v2\/pages\/176\/revisions"}],"wp:featuredmedia":[{"embeddable":true,"href":"https:\/\/casanostra-biel.ch\/fr\/wp-json\/wp\/v2\/media\/5463"}],"wp:attachment":[{"href":"https:\/\/casanostra-biel.ch\/fr\/wp-json\/wp\/v2\/media?parent=176"}],"curies":[{"name":"wp","href":"https:\/\/api.w.org\/{rel}","templated":true}]}}